{"id":3,"date":"2021-07-04T23:58:16","date_gmt":"2021-07-04T21:58:16","guid":{"rendered":"https:\/\/www.galerierichard.com\/?page_id=3"},"modified":"2021-09-15T17:24:00","modified_gmt":"2021-09-15T15:24:00","slug":"politique-de-confidentialite-2","status":"publish","type":"page","link":"https:\/\/www.galerierichard.com\/index.php\/politique-de-confidentialite-2\/","title":{"rendered":"Politique de confidentialit\u00e9"},"content":{"rendered":"\r\n<h2 class=\"wp-block-heading\">Qui sommes-nous\u00a0?<\/h2>\r\n\r\n\r\n\r\n<p><strong class=\"privacy-policy-tutorial\">Texte sugg\u00e9r\u00e9\u00a0: <\/strong>L\u2019adresse de notre site est\u00a0: https:\/\/www.galerierichard.com.<\/p>\r\n\r\n\r\n\r\n\r\n\r\n\r\n\r\n<h2 class=\"wp-block-heading\">Cookies<\/h2>\r\n\r\n\r\n\r\n\r\n\r\n<p>Si vous vous rendez sur la page de connexion, un cookie temporaire sera cr\u00e9\u00e9 afin de d\u00e9terminer si votre navigateur accepte les cookies. Il ne contient pas de donn\u00e9es personnelles et sera supprim\u00e9 automatiquement \u00e0 la fermeture de votre navigateur.<\/p>\r\n\r\n\r\n\r\n<p>Lorsque vous vous connecterez, nous mettrons en place un certain nombre de cookies pour enregistrer vos informations de connexion et vos pr\u00e9f\u00e9rences d\u2019\u00e9cran. La dur\u00e9e de vie d\u2019un cookie de connexion est de deux jours, celle d\u2019un cookie d\u2019option d\u2019\u00e9cran est d\u2019un an. Si vous cochez \u00ab\u00a0Se souvenir de moi\u00a0\u00bb, votre cookie de connexion sera conserv\u00e9 pendant deux semaines. Si vous vous d\u00e9connectez de votre compte, le cookie de connexion sera effac\u00e9.<\/p>\r\n\r\n\r\n\r\n<p>En modifiant ou en publiant une publication, un cookie suppl\u00e9mentaire sera enregistr\u00e9 dans votre navigateur. Ce cookie ne comprend aucune donn\u00e9e personnelle. Il indique simplement l\u2019ID de la publication que vous venez de modifier. Il expire au bout d\u2019un jour.<\/p>\r\n\r\n\r\n\r\n<h2 class=\"wp-block-heading\">Contenu embarqu\u00e9 depuis d\u2019autres sites<\/h2>\r\n\r\n\r\n\r\n<p>Les articles de ce site peuvent inclure des contenus int\u00e9gr\u00e9s (par exemple des vid\u00e9os, images, articles\u2026). Le contenu int\u00e9gr\u00e9 depuis d\u2019autres sites se comporte de la m\u00eame mani\u00e8re que si le visiteur se rendait sur cet autre site.<\/p>\r\n\r\n\r\n\r\n<p>Ces sites web pourraient collecter des donn\u00e9es sur vous, utiliser des cookies, embarquer des outils de suivis tiers, suivre vos interactions avec ces contenus embarqu\u00e9s si vous disposez d\u2019un compte connect\u00e9 sur leur site web.<\/p>\r\n\r\n\r\n\r\n<h2 class=\"wp-block-heading\">Utilisation et transmission de vos donn\u00e9es personnelles<\/h2>\r\n\r\n\r\n\r\n<p>Si vous demandez une r\u00e9initialisation de votre mot de passe, votre adresse IP sera incluse dans l\u2019e-mail de r\u00e9initialisation.<\/p>\r\n\r\n\r\n\r\n<h2 class=\"wp-block-heading\">Dur\u00e9es de stockage de vos donn\u00e9es<\/h2>\r\n\r\n\r\n\r\n\r\n\r\n<p>Pour les comptes qui s\u2019inscrivent sur notre site (le cas \u00e9ch\u00e9ant), nous stockons \u00e9galement les donn\u00e9es personnelles indiqu\u00e9es dans leur profil. Tous les comptes peuvent voir, modifier ou supprimer leurs informations personnelles \u00e0 tout moment (\u00e0 l\u2019exception de leur identifiant). Les gestionnaires du site peuvent aussi voir et modifier ces informations.<\/p>\r\n\r\n\r\n\r\n<h2 class=\"wp-block-heading\">Les droits que vous avez sur vos donn\u00e9es<\/h2>\r\n\r\n\r\n\r\n<p>Si vous avez un compte ou si vous avez laiss\u00e9 des commentaires sur le site, vous pouvez demander \u00e0 recevoir un fichier contenant toutes les donn\u00e9es personnelles que nous poss\u00e9dons \u00e0 votre sujet, incluant celles que vous nous avez fournies. Vous pouvez \u00e9galement demander la suppression des donn\u00e9es personnelles vous concernant. Cela ne prend pas en compte les donn\u00e9es stock\u00e9es \u00e0 des fins administratives, l\u00e9gales ou pour des raisons de s\u00e9curit\u00e9.<\/p>\r\n\r\n\r\n","protected":false},"excerpt":{"rendered":"<p>Qui sommes-nous\u00a0? Texte sugg\u00e9r\u00e9\u00a0: L\u2019adresse de notre site est\u00a0: https:\/\/www.galerierichard.com. Cookies Si vous vous rendez sur la page de connexion, un cookie temporaire sera cr\u00e9\u00e9 afin de d\u00e9terminer si votre navigateur accepte les cookies. Il ne contient pas de donn\u00e9es personnelles et sera supprim\u00e9 automatiquement \u00e0 la fermeture de votre navigateur. Lorsque vous vous connecterez, [&hellip;]<\/p>\n","protected":false},"author":1,"featured_media":0,"parent":0,"menu_order":0,"comment_status":"closed","ping_status":"closed","template":"","meta":{"_acf_changed":false,"footnotes":""},"class_list":["post-3","page","type-page","status-publish","hentry"],"acf":[],"yoast_head":"<!-- This site is optimized with the Yoast SEO plugin v27.5 - https:\/\/yoast.com\/product\/yoast-seo-wordpress\/ -->\n<title>Politique de confidentialit\u00e9 - Galerie Richard<\/title>\n<meta name=\"robots\" content=\"index, follow, max-snippet:-1, max-image-preview:large, max-video-preview:-1\" \/>\n<link rel=\"canonical\" href=\"https:\/\/www.galerierichard.com\/index.php\/politique-de-confidentialite-2\/\" \/>\n<meta property=\"og:locale\" content=\"fr_FR\" \/>\n<meta property=\"og:type\" content=\"article\" \/>\n<meta property=\"og:title\" content=\"Politique de confidentialit\u00e9 - Galerie Richard\" \/>\n<meta property=\"og:description\" content=\"Qui sommes-nous\u00a0? Texte sugg\u00e9r\u00e9\u00a0: L\u2019adresse de notre site est\u00a0: https:\/\/www.galerierichard.com. Cookies Si vous vous rendez sur la page de connexion, un cookie temporaire sera cr\u00e9\u00e9 afin de d\u00e9terminer si votre navigateur accepte les cookies. Il ne contient pas de donn\u00e9es personnelles et sera supprim\u00e9 automatiquement \u00e0 la fermeture de votre navigateur. Lorsque vous vous connecterez, [&hellip;]\" \/>\n<meta property=\"og:url\" content=\"https:\/\/www.galerierichard.com\/index.php\/politique-de-confidentialite-2\/\" \/>\n<meta property=\"og:site_name\" content=\"Galerie Richard\" \/>\n<meta property=\"article:publisher\" content=\"https:\/\/www.facebook.com\/galerierichard\/\" \/>\n<meta property=\"article:modified_time\" content=\"2021-09-15T15:24:00+00:00\" \/>\n<meta name=\"twitter:card\" content=\"summary_large_image\" \/>\n<meta name=\"twitter:site\" content=\"@galerierichard\" \/>\n<meta name=\"twitter:label1\" content=\"Dur\u00e9e de lecture estim\u00e9e\" \/>\n\t<meta name=\"twitter:data1\" content=\"2 minutes\" \/>\n<script type=\"application\/ld+json\" class=\"yoast-schema-graph\">{\"@context\":\"https:\\\/\\\/schema.org\",\"@graph\":[{\"@type\":\"WebPage\",\"@id\":\"https:\\\/\\\/www.galerierichard.com\\\/index.php\\\/politique-de-confidentialite-2\\\/\",\"url\":\"https:\\\/\\\/www.galerierichard.com\\\/index.php\\\/politique-de-confidentialite-2\\\/\",\"name\":\"Politique de confidentialit\u00e9 - Galerie Richard\",\"isPartOf\":{\"@id\":\"https:\\\/\\\/www.galerierichard.com\\\/#website\"},\"datePublished\":\"2021-07-04T21:58:16+00:00\",\"dateModified\":\"2021-09-15T15:24:00+00:00\",\"breadcrumb\":{\"@id\":\"https:\\\/\\\/www.galerierichard.com\\\/index.php\\\/politique-de-confidentialite-2\\\/#breadcrumb\"},\"inLanguage\":\"fr-FR\",\"potentialAction\":[{\"@type\":\"ReadAction\",\"target\":[\"https:\\\/\\\/www.galerierichard.com\\\/index.php\\\/politique-de-confidentialite-2\\\/\"]}]},{\"@type\":\"BreadcrumbList\",\"@id\":\"https:\\\/\\\/www.galerierichard.com\\\/index.php\\\/politique-de-confidentialite-2\\\/#breadcrumb\",\"itemListElement\":[{\"@type\":\"ListItem\",\"position\":1,\"name\":\"Accueil\",\"item\":\"https:\\\/\\\/www.galerierichard.com\\\/\"},{\"@type\":\"ListItem\",\"position\":2,\"name\":\"Politique de confidentialit\u00e9\"}]},{\"@type\":\"WebSite\",\"@id\":\"https:\\\/\\\/www.galerierichard.com\\\/#website\",\"url\":\"https:\\\/\\\/www.galerierichard.com\\\/\",\"name\":\"Galerie Richard\",\"description\":\"\",\"publisher\":{\"@id\":\"https:\\\/\\\/www.galerierichard.com\\\/#organization\"},\"potentialAction\":[{\"@type\":\"SearchAction\",\"target\":{\"@type\":\"EntryPoint\",\"urlTemplate\":\"https:\\\/\\\/www.galerierichard.com\\\/?s={search_term_string}\"},\"query-input\":{\"@type\":\"PropertyValueSpecification\",\"valueRequired\":true,\"valueName\":\"search_term_string\"}}],\"inLanguage\":\"fr-FR\"},{\"@type\":\"Organization\",\"@id\":\"https:\\\/\\\/www.galerierichard.com\\\/#organization\",\"name\":\"Galerie Richard\",\"url\":\"https:\\\/\\\/www.galerierichard.com\\\/\",\"logo\":{\"@type\":\"ImageObject\",\"inLanguage\":\"fr-FR\",\"@id\":\"https:\\\/\\\/www.galerierichard.com\\\/#\\\/schema\\\/logo\\\/image\\\/\",\"url\":\"https:\\\/\\\/www.galerierichard.com\\\/wp-content\\\/uploads\\\/2021\\\/07\\\/logo-galerie-richard.png\",\"contentUrl\":\"https:\\\/\\\/www.galerierichard.com\\\/wp-content\\\/uploads\\\/2021\\\/07\\\/logo-galerie-richard.png\",\"width\":295,\"height\":25,\"caption\":\"Galerie Richard\"},\"image\":{\"@id\":\"https:\\\/\\\/www.galerierichard.com\\\/#\\\/schema\\\/logo\\\/image\\\/\"},\"sameAs\":[\"https:\\\/\\\/www.facebook.com\\\/galerierichard\\\/\",\"https:\\\/\\\/x.com\\\/galerierichard\",\"https:\\\/\\\/www.instagram.com\\\/galerie.richard\\\/\",\"https:\\\/\\\/www.youtube.com\\\/channel\\\/UCwaMGcMSKAW565EC2g1RIVg\"]}]}<\/script>\n<!-- \/ Yoast SEO plugin. -->","yoast_head_json":{"title":"Politique de confidentialit\u00e9 - Galerie Richard","robots":{"index":"index","follow":"follow","max-snippet":"max-snippet:-1","max-image-preview":"max-image-preview:large","max-video-preview":"max-video-preview:-1"},"canonical":"https:\/\/www.galerierichard.com\/index.php\/politique-de-confidentialite-2\/","og_locale":"fr_FR","og_type":"article","og_title":"Politique de confidentialit\u00e9 - Galerie Richard","og_description":"Qui sommes-nous\u00a0? Texte sugg\u00e9r\u00e9\u00a0: L\u2019adresse de notre site est\u00a0: https:\/\/www.galerierichard.com. Cookies Si vous vous rendez sur la page de connexion, un cookie temporaire sera cr\u00e9\u00e9 afin de d\u00e9terminer si votre navigateur accepte les cookies. Il ne contient pas de donn\u00e9es personnelles et sera supprim\u00e9 automatiquement \u00e0 la fermeture de votre navigateur. Lorsque vous vous connecterez, [&hellip;]","og_url":"https:\/\/www.galerierichard.com\/index.php\/politique-de-confidentialite-2\/","og_site_name":"Galerie Richard","article_publisher":"https:\/\/www.facebook.com\/galerierichard\/","article_modified_time":"2021-09-15T15:24:00+00:00","twitter_card":"summary_large_image","twitter_site":"@galerierichard","twitter_misc":{"Dur\u00e9e de lecture estim\u00e9e":"2 minutes"},"schema":{"@context":"https:\/\/schema.org","@graph":[{"@type":"WebPage","@id":"https:\/\/www.galerierichard.com\/index.php\/politique-de-confidentialite-2\/","url":"https:\/\/www.galerierichard.com\/index.php\/politique-de-confidentialite-2\/","name":"Politique de confidentialit\u00e9 - Galerie Richard","isPartOf":{"@id":"https:\/\/www.galerierichard.com\/#website"},"datePublished":"2021-07-04T21:58:16+00:00","dateModified":"2021-09-15T15:24:00+00:00","breadcrumb":{"@id":"https:\/\/www.galerierichard.com\/index.php\/politique-de-confidentialite-2\/#breadcrumb"},"inLanguage":"fr-FR","potentialAction":[{"@type":"ReadAction","target":["https:\/\/www.galerierichard.com\/index.php\/politique-de-confidentialite-2\/"]}]},{"@type":"BreadcrumbList","@id":"https:\/\/www.galerierichard.com\/index.php\/politique-de-confidentialite-2\/#breadcrumb","itemListElement":[{"@type":"ListItem","position":1,"name":"Accueil","item":"https:\/\/www.galerierichard.com\/"},{"@type":"ListItem","position":2,"name":"Politique de confidentialit\u00e9"}]},{"@type":"WebSite","@id":"https:\/\/www.galerierichard.com\/#website","url":"https:\/\/www.galerierichard.com\/","name":"Galerie Richard","description":"","publisher":{"@id":"https:\/\/www.galerierichard.com\/#organization"},"potentialAction":[{"@type":"SearchAction","target":{"@type":"EntryPoint","urlTemplate":"https:\/\/www.galerierichard.com\/?s={search_term_string}"},"query-input":{"@type":"PropertyValueSpecification","valueRequired":true,"valueName":"search_term_string"}}],"inLanguage":"fr-FR"},{"@type":"Organization","@id":"https:\/\/www.galerierichard.com\/#organization","name":"Galerie Richard","url":"https:\/\/www.galerierichard.com\/","logo":{"@type":"ImageObject","inLanguage":"fr-FR","@id":"https:\/\/www.galerierichard.com\/#\/schema\/logo\/image\/","url":"https:\/\/www.galerierichard.com\/wp-content\/uploads\/2021\/07\/logo-galerie-richard.png","contentUrl":"https:\/\/www.galerierichard.com\/wp-content\/uploads\/2021\/07\/logo-galerie-richard.png","width":295,"height":25,"caption":"Galerie Richard"},"image":{"@id":"https:\/\/www.galerierichard.com\/#\/schema\/logo\/image\/"},"sameAs":["https:\/\/www.facebook.com\/galerierichard\/","https:\/\/x.com\/galerierichard","https:\/\/www.instagram.com\/galerie.richard\/","https:\/\/www.youtube.com\/channel\/UCwaMGcMSKAW565EC2g1RIVg"]}]}},"jetpack_sharing_enabled":true,"_links":{"self":[{"href":"https:\/\/www.galerierichard.com\/index.php\/wp-json\/wp\/v2\/pages\/3","targetHints":{"allow":["GET"]}}],"collection":[{"href":"https:\/\/www.galerierichard.com\/index.php\/wp-json\/wp\/v2\/pages"}],"about":[{"href":"https:\/\/www.galerierichard.com\/index.php\/wp-json\/wp\/v2\/types\/page"}],"author":[{"embeddable":true,"href":"https:\/\/www.galerierichard.com\/index.php\/wp-json\/wp\/v2\/users\/1"}],"replies":[{"embeddable":true,"href":"https:\/\/www.galerierichard.com\/index.php\/wp-json\/wp\/v2\/comments?post=3"}],"version-history":[{"count":0,"href":"https:\/\/www.galerierichard.com\/index.php\/wp-json\/wp\/v2\/pages\/3\/revisions"}],"wp:attachment":[{"href":"https:\/\/www.galerierichard.com\/index.php\/wp-json\/wp\/v2\/media?parent=3"}],"curies":[{"name":"wp","href":"https:\/\/api.w.org\/{rel}","templated":true}]}}