{"id":4443,"date":"2022-05-19T12:33:02","date_gmt":"2022-05-19T10:33:02","guid":{"rendered":"https:\/\/www.galerierichard.com\/?post_type=product&#038;p=4443"},"modified":"2024-12-17T18:44:04","modified_gmt":"2024-12-17T17:44:04","slug":"julie-oppermann-dmks08-2014-jo11-2-2","status":"publish","type":"product","link":"https:\/\/www.galerierichard.com\/index.php\/produit\/julie-oppermann-dmks08-2014-jo11-2-2\/","title":{"rendered":"Julie OPPERMANN DMKs08, 2014 JO11"},"content":{"rendered":"<p>Julie OPPERMANN<br \/>\nDMKs08, 2014<\/p>\n<p>Acrylique sur panneau de bois, acrylic on wood panel<br \/>\n60 x 50 cm,\u00a0<span style=\"font-size: 16px\">23 4\/8 x 19 11\/16 inches<\/span><\/p>\n","protected":false},"excerpt":{"rendered":"<p>Julie OPPERMANN DMKs08, 2014 Acrylique sur panneau de bois, acrylic on wood panel 60 x 50 cm,\u00a023 4\/8 x 19 11\/16 inches<\/p>\n","protected":false},"featured_media":9291,"template":"","meta":{"_acf_changed":false},"product_brand":[],"product_cat":[1061],"product_tag":[],"class_list":{"0":"post-4443","1":"product","2":"type-product","3":"status-publish","4":"has-post-thumbnail","6":"product_cat-julie-oppermann-fr","8":"first","9":"instock","10":"sold-individually","11":"taxable","12":"shipping-taxable","13":"purchasable","14":"product-type-simple"},"acf":[],"yoast_head":"<!-- This site is optimized with the Yoast SEO plugin v27.5 - https:\/\/yoast.com\/product\/yoast-seo-wordpress\/ -->\n<title>Julie OPPERMANN DMKs08, 2014 JO11 - Galerie Richard<\/title>\n<meta name=\"description\" content=\"Julie OPPERMANN s&#039;inscrit dans le mouvement de l&#039;Art Optique tout en mettant l&#039;accent sur les techniques qu&#039;elle utilise et leur impr\u00e9visibilit\u00e9. Sur certaines s\u00e9ries en particulier le processus engendre des d\u00e9fauts, des imperfections qu&#039;elle int\u00e8gre dans l&#039;oeuvre, loin de la th\u00e9ologie de la puret\u00e9 dans l&#039;abstraction optique.\" \/>\n<meta name=\"robots\" content=\"index, follow, max-snippet:-1, max-image-preview:large, max-video-preview:-1\" \/>\n<link rel=\"canonical\" href=\"https:\/\/www.galerierichard.com\/index.php\/produit\/julie-oppermann-dmks08-2014-jo11-2-2\/\" \/>\n<meta property=\"og:locale\" content=\"fr_FR\" \/>\n<meta property=\"og:type\" content=\"article\" \/>\n<meta property=\"og:title\" content=\"Julie OPPERMANN DMKs08, 2014 JO11 - Galerie Richard\" \/>\n<meta property=\"og:description\" content=\"Julie OPPERMANN s&#039;inscrit dans le mouvement de l&#039;Art Optique tout en mettant l&#039;accent sur les techniques qu&#039;elle utilise et leur impr\u00e9visibilit\u00e9. Sur certaines s\u00e9ries en particulier le processus engendre des d\u00e9fauts, des imperfections qu&#039;elle int\u00e8gre dans l&#039;oeuvre, loin de la th\u00e9ologie de la puret\u00e9 dans l&#039;abstraction optique.\" \/>\n<meta property=\"og:url\" content=\"https:\/\/www.galerierichard.com\/index.php\/produit\/julie-oppermann-dmks08-2014-jo11-2-2\/\" \/>\n<meta property=\"og:site_name\" content=\"Galerie Richard\" \/>\n<meta property=\"article:publisher\" content=\"https:\/\/www.facebook.com\/galerierichard\/\" \/>\n<meta property=\"article:modified_time\" content=\"2024-12-17T17:44:04+00:00\" \/>\n<meta property=\"og:image\" content=\"https:\/\/www.galerierichard.com\/wp-content\/uploads\/2022\/05\/DMKs08-853x1024.jpg\" \/>\n\t<meta property=\"og:image:width\" content=\"853\" \/>\n\t<meta property=\"og:image:height\" content=\"1024\" \/>\n\t<meta property=\"og:image:type\" content=\"image\/jpeg\" \/>\n<meta name=\"twitter:card\" content=\"summary_large_image\" \/>\n<meta name=\"twitter:site\" content=\"@galerierichard\" \/>\n<meta name=\"twitter:label1\" content=\"Dur\u00e9e de lecture estim\u00e9e\" \/>\n\t<meta name=\"twitter:data1\" content=\"1 minute\" \/>\n<script type=\"application\/ld+json\" class=\"yoast-schema-graph\">{\"@context\":\"https:\\\/\\\/schema.org\",\"@graph\":[{\"@type\":\"WebPage\",\"@id\":\"https:\\\/\\\/www.galerierichard.com\\\/index.php\\\/produit\\\/julie-oppermann-dmks08-2014-jo11-2-2\\\/\",\"url\":\"https:\\\/\\\/www.galerierichard.com\\\/index.php\\\/produit\\\/julie-oppermann-dmks08-2014-jo11-2-2\\\/\",\"name\":\"Julie OPPERMANN DMKs08, 2014 JO11 - Galerie Richard\",\"isPartOf\":{\"@id\":\"https:\\\/\\\/www.galerierichard.com\\\/#website\"},\"primaryImageOfPage\":{\"@id\":\"https:\\\/\\\/www.galerierichard.com\\\/index.php\\\/produit\\\/julie-oppermann-dmks08-2014-jo11-2-2\\\/#primaryimage\"},\"image\":{\"@id\":\"https:\\\/\\\/www.galerierichard.com\\\/index.php\\\/produit\\\/julie-oppermann-dmks08-2014-jo11-2-2\\\/#primaryimage\"},\"thumbnailUrl\":\"https:\\\/\\\/www.galerierichard.com\\\/wp-content\\\/uploads\\\/2022\\\/05\\\/DMKs08.jpg\",\"datePublished\":\"2022-05-19T10:33:02+00:00\",\"dateModified\":\"2024-12-17T17:44:04+00:00\",\"description\":\"Julie OPPERMANN s'inscrit dans le mouvement de l'Art Optique tout en mettant l'accent sur les techniques qu'elle utilise et leur impr\u00e9visibilit\u00e9. Sur certaines s\u00e9ries en particulier le processus engendre des d\u00e9fauts, des imperfections qu'elle int\u00e8gre dans l'oeuvre, loin de la th\u00e9ologie de la puret\u00e9 dans l'abstraction optique.\",\"breadcrumb\":{\"@id\":\"https:\\\/\\\/www.galerierichard.com\\\/index.php\\\/produit\\\/julie-oppermann-dmks08-2014-jo11-2-2\\\/#breadcrumb\"},\"inLanguage\":\"fr-FR\",\"potentialAction\":[{\"@type\":\"ReadAction\",\"target\":[\"https:\\\/\\\/www.galerierichard.com\\\/index.php\\\/produit\\\/julie-oppermann-dmks08-2014-jo11-2-2\\\/\"]}]},{\"@type\":\"ImageObject\",\"inLanguage\":\"fr-FR\",\"@id\":\"https:\\\/\\\/www.galerierichard.com\\\/index.php\\\/produit\\\/julie-oppermann-dmks08-2014-jo11-2-2\\\/#primaryimage\",\"url\":\"https:\\\/\\\/www.galerierichard.com\\\/wp-content\\\/uploads\\\/2022\\\/05\\\/DMKs08.jpg\",\"contentUrl\":\"https:\\\/\\\/www.galerierichard.com\\\/wp-content\\\/uploads\\\/2022\\\/05\\\/DMKs08.jpg\",\"width\":1856,\"height\":2229},{\"@type\":\"BreadcrumbList\",\"@id\":\"https:\\\/\\\/www.galerierichard.com\\\/index.php\\\/produit\\\/julie-oppermann-dmks08-2014-jo11-2-2\\\/#breadcrumb\",\"itemListElement\":[{\"@type\":\"ListItem\",\"position\":1,\"name\":\"Accueil\",\"item\":\"https:\\\/\\\/www.galerierichard.com\\\/\"},{\"@type\":\"ListItem\",\"position\":2,\"name\":\"Shop\",\"item\":\"https:\\\/\\\/www.galerierichard.com\\\/index.php\\\/shop-2\\\/\"},{\"@type\":\"ListItem\",\"position\":3,\"name\":\"Julie OPPERMANN DMKs08, 2014 JO11\"}]},{\"@type\":\"WebSite\",\"@id\":\"https:\\\/\\\/www.galerierichard.com\\\/#website\",\"url\":\"https:\\\/\\\/www.galerierichard.com\\\/\",\"name\":\"Galerie Richard\",\"description\":\"\",\"publisher\":{\"@id\":\"https:\\\/\\\/www.galerierichard.com\\\/#organization\"},\"potentialAction\":[{\"@type\":\"SearchAction\",\"target\":{\"@type\":\"EntryPoint\",\"urlTemplate\":\"https:\\\/\\\/www.galerierichard.com\\\/?s={search_term_string}\"},\"query-input\":{\"@type\":\"PropertyValueSpecification\",\"valueRequired\":true,\"valueName\":\"search_term_string\"}}],\"inLanguage\":\"fr-FR\"},{\"@type\":\"Organization\",\"@id\":\"https:\\\/\\\/www.galerierichard.com\\\/#organization\",\"name\":\"Galerie Richard\",\"url\":\"https:\\\/\\\/www.galerierichard.com\\\/\",\"logo\":{\"@type\":\"ImageObject\",\"inLanguage\":\"fr-FR\",\"@id\":\"https:\\\/\\\/www.galerierichard.com\\\/#\\\/schema\\\/logo\\\/image\\\/\",\"url\":\"https:\\\/\\\/www.galerierichard.com\\\/wp-content\\\/uploads\\\/2021\\\/07\\\/logo-galerie-richard.png\",\"contentUrl\":\"https:\\\/\\\/www.galerierichard.com\\\/wp-content\\\/uploads\\\/2021\\\/07\\\/logo-galerie-richard.png\",\"width\":295,\"height\":25,\"caption\":\"Galerie Richard\"},\"image\":{\"@id\":\"https:\\\/\\\/www.galerierichard.com\\\/#\\\/schema\\\/logo\\\/image\\\/\"},\"sameAs\":[\"https:\\\/\\\/www.facebook.com\\\/galerierichard\\\/\",\"https:\\\/\\\/x.com\\\/galerierichard\",\"https:\\\/\\\/www.instagram.com\\\/galerie.richard\\\/\",\"https:\\\/\\\/www.youtube.com\\\/channel\\\/UCwaMGcMSKAW565EC2g1RIVg\"]}]}<\/script>\n<!-- \/ Yoast SEO plugin. -->","yoast_head_json":{"title":"Julie OPPERMANN DMKs08, 2014 JO11 - Galerie Richard","description":"Julie OPPERMANN s'inscrit dans le mouvement de l'Art Optique tout en mettant l'accent sur les techniques qu'elle utilise et leur impr\u00e9visibilit\u00e9. Sur certaines s\u00e9ries en particulier le processus engendre des d\u00e9fauts, des imperfections qu'elle int\u00e8gre dans l'oeuvre, loin de la th\u00e9ologie de la puret\u00e9 dans l'abstraction optique.","robots":{"index":"index","follow":"follow","max-snippet":"max-snippet:-1","max-image-preview":"max-image-preview:large","max-video-preview":"max-video-preview:-1"},"canonical":"https:\/\/www.galerierichard.com\/index.php\/produit\/julie-oppermann-dmks08-2014-jo11-2-2\/","og_locale":"fr_FR","og_type":"article","og_title":"Julie OPPERMANN DMKs08, 2014 JO11 - Galerie Richard","og_description":"Julie OPPERMANN s'inscrit dans le mouvement de l'Art Optique tout en mettant l'accent sur les techniques qu'elle utilise et leur impr\u00e9visibilit\u00e9. Sur certaines s\u00e9ries en particulier le processus engendre des d\u00e9fauts, des imperfections qu'elle int\u00e8gre dans l'oeuvre, loin de la th\u00e9ologie de la puret\u00e9 dans l'abstraction optique.","og_url":"https:\/\/www.galerierichard.com\/index.php\/produit\/julie-oppermann-dmks08-2014-jo11-2-2\/","og_site_name":"Galerie Richard","article_publisher":"https:\/\/www.facebook.com\/galerierichard\/","article_modified_time":"2024-12-17T17:44:04+00:00","og_image":[{"width":853,"height":1024,"url":"https:\/\/www.galerierichard.com\/wp-content\/uploads\/2022\/05\/DMKs08-853x1024.jpg","type":"image\/jpeg"}],"twitter_card":"summary_large_image","twitter_site":"@galerierichard","twitter_misc":{"Dur\u00e9e de lecture estim\u00e9e":"1 minute"},"schema":{"@context":"https:\/\/schema.org","@graph":[{"@type":"WebPage","@id":"https:\/\/www.galerierichard.com\/index.php\/produit\/julie-oppermann-dmks08-2014-jo11-2-2\/","url":"https:\/\/www.galerierichard.com\/index.php\/produit\/julie-oppermann-dmks08-2014-jo11-2-2\/","name":"Julie OPPERMANN DMKs08, 2014 JO11 - Galerie Richard","isPartOf":{"@id":"https:\/\/www.galerierichard.com\/#website"},"primaryImageOfPage":{"@id":"https:\/\/www.galerierichard.com\/index.php\/produit\/julie-oppermann-dmks08-2014-jo11-2-2\/#primaryimage"},"image":{"@id":"https:\/\/www.galerierichard.com\/index.php\/produit\/julie-oppermann-dmks08-2014-jo11-2-2\/#primaryimage"},"thumbnailUrl":"https:\/\/www.galerierichard.com\/wp-content\/uploads\/2022\/05\/DMKs08.jpg","datePublished":"2022-05-19T10:33:02+00:00","dateModified":"2024-12-17T17:44:04+00:00","description":"Julie OPPERMANN s'inscrit dans le mouvement de l'Art Optique tout en mettant l'accent sur les techniques qu'elle utilise et leur impr\u00e9visibilit\u00e9. Sur certaines s\u00e9ries en particulier le processus engendre des d\u00e9fauts, des imperfections qu'elle int\u00e8gre dans l'oeuvre, loin de la th\u00e9ologie de la puret\u00e9 dans l'abstraction optique.","breadcrumb":{"@id":"https:\/\/www.galerierichard.com\/index.php\/produit\/julie-oppermann-dmks08-2014-jo11-2-2\/#breadcrumb"},"inLanguage":"fr-FR","potentialAction":[{"@type":"ReadAction","target":["https:\/\/www.galerierichard.com\/index.php\/produit\/julie-oppermann-dmks08-2014-jo11-2-2\/"]}]},{"@type":"ImageObject","inLanguage":"fr-FR","@id":"https:\/\/www.galerierichard.com\/index.php\/produit\/julie-oppermann-dmks08-2014-jo11-2-2\/#primaryimage","url":"https:\/\/www.galerierichard.com\/wp-content\/uploads\/2022\/05\/DMKs08.jpg","contentUrl":"https:\/\/www.galerierichard.com\/wp-content\/uploads\/2022\/05\/DMKs08.jpg","width":1856,"height":2229},{"@type":"BreadcrumbList","@id":"https:\/\/www.galerierichard.com\/index.php\/produit\/julie-oppermann-dmks08-2014-jo11-2-2\/#breadcrumb","itemListElement":[{"@type":"ListItem","position":1,"name":"Accueil","item":"https:\/\/www.galerierichard.com\/"},{"@type":"ListItem","position":2,"name":"Shop","item":"https:\/\/www.galerierichard.com\/index.php\/shop-2\/"},{"@type":"ListItem","position":3,"name":"Julie OPPERMANN DMKs08, 2014 JO11"}]},{"@type":"WebSite","@id":"https:\/\/www.galerierichard.com\/#website","url":"https:\/\/www.galerierichard.com\/","name":"Galerie Richard","description":"","publisher":{"@id":"https:\/\/www.galerierichard.com\/#organization"},"potentialAction":[{"@type":"SearchAction","target":{"@type":"EntryPoint","urlTemplate":"https:\/\/www.galerierichard.com\/?s={search_term_string}"},"query-input":{"@type":"PropertyValueSpecification","valueRequired":true,"valueName":"search_term_string"}}],"inLanguage":"fr-FR"},{"@type":"Organization","@id":"https:\/\/www.galerierichard.com\/#organization","name":"Galerie Richard","url":"https:\/\/www.galerierichard.com\/","logo":{"@type":"ImageObject","inLanguage":"fr-FR","@id":"https:\/\/www.galerierichard.com\/#\/schema\/logo\/image\/","url":"https:\/\/www.galerierichard.com\/wp-content\/uploads\/2021\/07\/logo-galerie-richard.png","contentUrl":"https:\/\/www.galerierichard.com\/wp-content\/uploads\/2021\/07\/logo-galerie-richard.png","width":295,"height":25,"caption":"Galerie Richard"},"image":{"@id":"https:\/\/www.galerierichard.com\/#\/schema\/logo\/image\/"},"sameAs":["https:\/\/www.facebook.com\/galerierichard\/","https:\/\/x.com\/galerierichard","https:\/\/www.instagram.com\/galerie.richard\/","https:\/\/www.youtube.com\/channel\/UCwaMGcMSKAW565EC2g1RIVg"]}]}},"jetpack_sharing_enabled":true,"_links":{"self":[{"href":"https:\/\/www.galerierichard.com\/index.php\/wp-json\/wp\/v2\/product\/4443","targetHints":{"allow":["GET"]}}],"collection":[{"href":"https:\/\/www.galerierichard.com\/index.php\/wp-json\/wp\/v2\/product"}],"about":[{"href":"https:\/\/www.galerierichard.com\/index.php\/wp-json\/wp\/v2\/types\/product"}],"wp:featuredmedia":[{"embeddable":true,"href":"https:\/\/www.galerierichard.com\/index.php\/wp-json\/wp\/v2\/media\/9291"}],"wp:attachment":[{"href":"https:\/\/www.galerierichard.com\/index.php\/wp-json\/wp\/v2\/media?parent=4443"}],"wp:term":[{"taxonomy":"product_brand","embeddable":true,"href":"https:\/\/www.galerierichard.com\/index.php\/wp-json\/wp\/v2\/product_brand?post=4443"},{"taxonomy":"product_cat","embeddable":true,"href":"https:\/\/www.galerierichard.com\/index.php\/wp-json\/wp\/v2\/product_cat?post=4443"},{"taxonomy":"product_tag","embeddable":true,"href":"https:\/\/www.galerierichard.com\/index.php\/wp-json\/wp\/v2\/product_tag?post=4443"}],"curies":[{"name":"wp","href":"https:\/\/api.w.org\/{rel}","templated":true}]}}